{"id":17,"date":"2016-07-14T18:04:27","date_gmt":"2016-07-14T16:04:27","guid":{"rendered":"http:\/\/sudmosaique.com\/blog2\/?page_id=17"},"modified":"2016-10-30T12:24:27","modified_gmt":"2016-10-30T11:24:27","slug":"home","status":"publish","type":"page","link":"https:\/\/sudmosaique.com\/blog\/","title":{"rendered":"Home"},"content":{"rendered":"<div  class=\"fusion-fullwidth fullwidth-box hundred-percent-fullwidth\"  style='background-color: rgba(255,255,255,0);background-position: center center;background-repeat: no-repeat;padding-top:0px;padding-right:0px;padding-bottom:0px;padding-left:0px;'><div class=\"fusion-builder-row fusion-row \"><div  class=\"fusion-layout-column fusion_builder_column fusion_builder_column_1_1  fusion-one-full fusion-column-first fusion-column-last fusion-column-no-min-height 1_1\"  style='margin-top:0px;margin-bottom:0px;'>\n\t\t\t<div class=\"fusion-column-wrapper\"  style=\"background-position:left top;background-repeat:no-repeat;-webkit-background-size:cover;-moz-background-size:cover;-o-background-size:cover;background-size:cover;\"  data-bg-url=\"\">\n\t\t\t\t<div class=\"fusion-blog-shortcode fusion-blog-shortcode-1 fusion-blog-archive fusion-blog-layout-large fusion-blog-infinite\"><div class=\"fusion-posts-container fusion-posts-container-infinite\" data-pages=\"7\"><article id=\"post-525\" class=\"fusion-post-large post-525 post type-post status-publish format-standard has-post-thumbnail hentry category-parlons-en\">\n\n\t<style type=\"text\/css\">\n\t\t\n\t\t\n\t\t\n\t\t\n\t\t\t<\/style>\n\n\n\t<div class=\"fusion-flexslider flexslider fusion-flexslider-loading fusion-post-slideshow\">\n\t\t<ul class=\"slides\">\n\t\t\t\n\t\t\t\t\t\t\t\t\t\t\t\t\t\t\t\t\t\t<li>\n<div class=\"fusion-image-wrapper\" aria-haspopup=\"true\">\n\n\t\n\t\t<a href=\"https:\/\/sudmosaique.com\/blog\/parlons-en\/les-emaux-de-briare-toujours-pas-de-reprise\/\">\n\t\t\t\n\t\t\t\t\t<img width=\"343\" height=\"417\" src=\"https:\/\/sudmosaique.com\/blog\/wp-content\/uploads\/2023\/07\/logo-emaux-index.png\" class=\"attachment-full size-full wp-post-image\" alt=\"Emaux de Briare\" loading=\"lazy\" srcset=\"https:\/\/sudmosaique.com\/blog\/wp-content\/uploads\/2023\/07\/logo-emaux-index-200x243.png 200w, https:\/\/sudmosaique.com\/blog\/wp-content\/uploads\/2023\/07\/logo-emaux-index.png 343w\" sizes=\"(max-width: 800px) 100vw, 1100px\" \/>\n\t\n\n\t\t<\/a>\n\n\t\n<\/div>\n<\/li>\n\t\t\t\n\t\t\t\t\t\t\t\t\t\t\t\t\t\t\t\t\t\t\t\t\t\t\t\t\t\t\t\t\t\t\t\t\t\t\t\t\t\t\t\t\t\t\t\t\t\t\t\t\t\t\t\t\t\t\t\t\t\t\t\t\t\t\t\t\t\t\t\t\t\t\t<\/ul>\n\t<\/div>\n<div class=\"fusion-post-content post-content\"><h2 class=\"blog-shortcode-post-title entry-title\"><a href=\"https:\/\/sudmosaique.com\/blog\/parlons-en\/les-emaux-de-briare-toujours-pas-de-reprise\/\">Les Emaux de Briare : Toujours pas de reprise d\u00e9but 2025!<\/a><\/h2><div class=\"fusion-post-content-container\"><p>Depuis Avril 2023, la Soci\u00e9t\u00e9 Emaux et Mosa\u00efques a cess\u00e9 de produire suite \u00e0 des pannes successives sur leurs machines de production. Ces outils de production sont tr\u00e8s anciens (XIXe s.) et les entreprises capables [...]<\/p><\/div><\/div><div class=\"fusion-clearfix\"><\/div><div class=\"fusion-meta-info\"><div class=\"fusion-alignleft\">Par <span class=\"vcard\"><span class=\"fn\"><a href=\"https:\/\/sudmosaique.com\/blog\/author\/sudmosaique\/\" title=\"Articles par sudmosaique\" rel=\"author\">sudmosaique<\/a><\/span><\/span><span class=\"fusion-inline-sep\">|<\/span>\n\t\n\t\n\t\t\t<span class=\"updated\" style=\"display:none;\">\n\t\t\t2025-01-09T17:22:17+01:00\t\t<\/span>\n\t\n<span>27 Juin 2024<\/span><span class=\"fusion-inline-sep\">|<\/span>Cat\u00e9gories : <a href=\"https:\/\/sudmosaique.com\/blog\/category\/parlons-en\/\" rel=\"category tag\">Parlons - en !<\/a><span class=\"fusion-inline-sep\">|<\/span><\/div><div class=\"fusion-alignright\"><a class=\"fusion-read-more\" href=\"https:\/\/sudmosaique.com\/blog\/parlons-en\/les-emaux-de-briare-toujours-pas-de-reprise\/\">Read More<\/a><\/div><\/div><\/article>\n<article id=\"post-570\" class=\"fusion-post-large post-570 post type-post status-publish format-standard has-post-thumbnail hentry category-evenements\">\n\n\t<style type=\"text\/css\">\n\t\t\n\t\t\n\t\t\n\t\t\n\t\t\t<\/style>\n\n\n\t<div class=\"fusion-flexslider flexslider fusion-flexslider-loading fusion-post-slideshow\">\n\t\t<ul class=\"slides\">\n\t\t\t\n\t\t\t\t\t\t\t\t\t\t\t\t\t\t\t\t\t\t<li>\n<div class=\"fusion-image-wrapper\" aria-haspopup=\"true\">\n\n\t\n\t\t<a href=\"https:\/\/sudmosaique.com\/blog\/evenements\/sud-mosaique-au-salon-des-metiers-dart-aux-baux-de-provence-du-10-au-12-avril-2026\/\">\n\t\t\t\n\t\t\t\t\t<img width=\"1440\" height=\"2560\" src=\"https:\/\/sudmosaique.com\/blog\/wp-content\/uploads\/2026\/04\/STORY_Baux-de-provence-scaled.jpg\" class=\"attachment-full size-full wp-post-image\" alt=\"\" loading=\"lazy\" srcset=\"https:\/\/sudmosaique.com\/blog\/wp-content\/uploads\/2026\/04\/STORY_Baux-de-provence-200x356.jpg 200w, https:\/\/sudmosaique.com\/blog\/wp-content\/uploads\/2026\/04\/STORY_Baux-de-provence-400x711.jpg 400w, https:\/\/sudmosaique.com\/blog\/wp-content\/uploads\/2026\/04\/STORY_Baux-de-provence-600x1067.jpg 600w, https:\/\/sudmosaique.com\/blog\/wp-content\/uploads\/2026\/04\/STORY_Baux-de-provence-800x1423.jpg 800w, https:\/\/sudmosaique.com\/blog\/wp-content\/uploads\/2026\/04\/STORY_Baux-de-provence-1200x2134.jpg 1200w, https:\/\/sudmosaique.com\/blog\/wp-content\/uploads\/2026\/04\/STORY_Baux-de-provence-scaled.jpg 1440w\" sizes=\"(max-width: 800px) 100vw, 1100px\" \/>\n\t\n\n\t\t<\/a>\n\n\t\n<\/div>\n<\/li>\n\t\t\t\n\t\t\t\t\t\t\t\t\t\t\t\t\t\t\t\t\t\t\t\t\t\t\t\t\t\t\t\t\t\t\t\t\t\t\t\t\t\t\t\t\t\t\t\t\t\t\t\t\t\t\t\t\t\t\t\t\t\t\t\t\t\t\t\t\t\t\t\t\t\t\t<\/ul>\n\t<\/div>\n<div class=\"fusion-post-content post-content\"><h2 class=\"blog-shortcode-post-title entry-title\"><a href=\"https:\/\/sudmosaique.com\/blog\/evenements\/sud-mosaique-au-salon-des-metiers-dart-aux-baux-de-provence-du-10-au-12-avril-2026\/\">SUD MOSAIQUE au salon des M\u00e9tiers d&rsquo;Art aux Baux de Provence du 10 au 12 avril 2026<\/a><\/h2><div class=\"fusion-post-content-container\"><p>A l'occasion des Journ\u00e9es Europ\u00e9ennes des M\u00e9tiers d'Art (JEMA), la Chambre des M\u00e9tiers et de l'Artisanat des Bouches du Rh\u00f4ne, organise une nouvelle \u00e9dition de son Salon des M\u00e9tiers d'Art aux Baux de Provence (en [...]<\/p><\/div><\/div><div class=\"fusion-clearfix\"><\/div><div class=\"fusion-meta-info\"><div class=\"fusion-alignleft\">Par <span class=\"vcard\"><span class=\"fn\"><a href=\"https:\/\/sudmosaique.com\/blog\/author\/sudmosaique\/\" title=\"Articles par sudmosaique\" rel=\"author\">sudmosaique<\/a><\/span><\/span><span class=\"fusion-inline-sep\">|<\/span>\n\t\n\t\n\t\t\t<span class=\"updated\" style=\"display:none;\">\n\t\t\t2026-04-02T16:48:38+02:00\t\t<\/span>\n\t\n<span>02 Avr 2026<\/span><span class=\"fusion-inline-sep\">|<\/span>Cat\u00e9gories : <a href=\"https:\/\/sudmosaique.com\/blog\/category\/evenements\/\" rel=\"category tag\">\u00c9venements<\/a><span class=\"fusion-inline-sep\">|<\/span><\/div><div class=\"fusion-alignright\"><a class=\"fusion-read-more\" href=\"https:\/\/sudmosaique.com\/blog\/evenements\/sud-mosaique-au-salon-des-metiers-dart-aux-baux-de-provence-du-10-au-12-avril-2026\/\">Read More<\/a><\/div><\/div><\/article>\n<article id=\"post-564\" class=\"fusion-post-large post-564 post type-post status-publish format-standard has-post-thumbnail hentry category-vie-de-latelier\">\n\n\t<style type=\"text\/css\">\n\t\t\n\t\t\n\t\t\n\t\t\n\t\t\t<\/style>\n\n\n\t<div class=\"fusion-flexslider flexslider fusion-flexslider-loading fusion-post-slideshow\">\n\t\t<ul class=\"slides\">\n\t\t\t\n\t\t\t\t\t\t\t\t\t\t\t\t\t\t\t\t\t\t<li>\n<div class=\"fusion-image-wrapper\" aria-haspopup=\"true\">\n\n\t\n\t\t<a href=\"https:\/\/sudmosaique.com\/blog\/vie-de-latelier\/fermeture-de-sud-mosaique-pour-les-fetes-de-fin-dannee\/\">\n\t\t\t\n\t\t\t\t\t<img width=\"2560\" height=\"1600\" src=\"https:\/\/sudmosaique.com\/blog\/wp-content\/uploads\/2021\/12\/Noel-2021.jpg\" class=\"attachment-full size-full wp-post-image\" alt=\"\" loading=\"lazy\" srcset=\"https:\/\/sudmosaique.com\/blog\/wp-content\/uploads\/2021\/12\/Noel-2021-200x125.jpg 200w, https:\/\/sudmosaique.com\/blog\/wp-content\/uploads\/2021\/12\/Noel-2021-400x250.jpg 400w, https:\/\/sudmosaique.com\/blog\/wp-content\/uploads\/2021\/12\/Noel-2021-600x375.jpg 600w, https:\/\/sudmosaique.com\/blog\/wp-content\/uploads\/2021\/12\/Noel-2021-800x500.jpg 800w, https:\/\/sudmosaique.com\/blog\/wp-content\/uploads\/2021\/12\/Noel-2021-1200x750.jpg 1200w, https:\/\/sudmosaique.com\/blog\/wp-content\/uploads\/2021\/12\/Noel-2021.jpg 2560w\" sizes=\"(max-width: 800px) 100vw, 1100px\" \/>\n\t\n\n\t\t<\/a>\n\n\t\n<\/div>\n<\/li>\n\t\t\t\n\t\t\t\t\t\t\t\t\t\t\t\t\t\t\t\t\t\t\t\t\t\t\t\t\t\t\t\t\t\t\t\t\t\t\t\t\t\t\t\t\t\t\t\t\t\t\t\t\t\t\t\t\t\t\t\t\t\t\t\t\t\t\t\t\t\t\t\t\t\t\t<\/ul>\n\t<\/div>\n<div class=\"fusion-post-content post-content\"><h2 class=\"blog-shortcode-post-title entry-title\"><a href=\"https:\/\/sudmosaique.com\/blog\/vie-de-latelier\/fermeture-de-sud-mosaique-pour-les-fetes-de-fin-dannee\/\">Fermeture de SUD MOSA\u00cfQUE pour les f\u00eates de fin d&rsquo;ann\u00e9e<\/a><\/h2><div class=\"fusion-post-content-container\"><p>2025 arrive \u00e0 son terme.....nous voil\u00e0 aux portes des f\u00eates de fin d'ann\u00e9e. SUD MOSAIQUE sera ferm\u00e9 du 19\/12\/2025 au 05\/01\/2026 pour les f\u00eates. Les commandes par la boutique internet ne seront pas du tout [...]<\/p><\/div><\/div><div class=\"fusion-clearfix\"><\/div><div class=\"fusion-meta-info\"><div class=\"fusion-alignleft\">Par <span class=\"vcard\"><span class=\"fn\"><a href=\"https:\/\/sudmosaique.com\/blog\/author\/sudmosaique\/\" title=\"Articles par sudmosaique\" rel=\"author\">sudmosaique<\/a><\/span><\/span><span class=\"fusion-inline-sep\">|<\/span>\n\t\n\t\n\t\t\t<span class=\"updated\" style=\"display:none;\">\n\t\t\t2025-12-09T14:25:51+01:00\t\t<\/span>\n\t\n<span>09 D\u00e9c 2025<\/span><span class=\"fusion-inline-sep\">|<\/span>Cat\u00e9gories : <a href=\"https:\/\/sudmosaique.com\/blog\/category\/vie-de-latelier\/\" rel=\"category tag\">Vie de l'Atelier<\/a><span class=\"fusion-inline-sep\">|<\/span><\/div><div class=\"fusion-alignright\"><a class=\"fusion-read-more\" href=\"https:\/\/sudmosaique.com\/blog\/vie-de-latelier\/fermeture-de-sud-mosaique-pour-les-fetes-de-fin-dannee\/\">Read More<\/a><\/div><\/div><\/article>\n<article id=\"post-534\" class=\"fusion-post-large post-534 post type-post status-publish format-standard has-post-thumbnail hentry category-non-classe\">\n\n\t<style type=\"text\/css\">\n\t\t\n\t\t\n\t\t\n\t\t\n\t\t\t<\/style>\n\n\n\t<div class=\"fusion-flexslider flexslider fusion-flexslider-loading fusion-post-slideshow\">\n\t\t<ul class=\"slides\">\n\t\t\t\n\t\t\t\t\t\t\t\t\t\t\t\t\t\t\t\t\t\t<li>\n<div class=\"fusion-image-wrapper\" aria-haspopup=\"true\">\n\n\t\n\t\t<a href=\"https:\/\/sudmosaique.com\/blog\/non-classe\/les-formations-professionnelles-de-sud-mosaique\/\">\n\t\t\t\n\t\t\t\t\t<img width=\"2560\" height=\"1703\" src=\"https:\/\/sudmosaique.com\/blog\/wp-content\/uploads\/2023\/09\/NPS_9442-scaled.jpg\" class=\"attachment-full size-full wp-post-image\" alt=\"\" loading=\"lazy\" srcset=\"https:\/\/sudmosaique.com\/blog\/wp-content\/uploads\/2023\/09\/NPS_9442-200x133.jpg 200w, https:\/\/sudmosaique.com\/blog\/wp-content\/uploads\/2023\/09\/NPS_9442-400x266.jpg 400w, https:\/\/sudmosaique.com\/blog\/wp-content\/uploads\/2023\/09\/NPS_9442-600x399.jpg 600w, https:\/\/sudmosaique.com\/blog\/wp-content\/uploads\/2023\/09\/NPS_9442-800x532.jpg 800w, https:\/\/sudmosaique.com\/blog\/wp-content\/uploads\/2023\/09\/NPS_9442-1200x798.jpg 1200w, https:\/\/sudmosaique.com\/blog\/wp-content\/uploads\/2023\/09\/NPS_9442-scaled.jpg 2560w\" sizes=\"(max-width: 800px) 100vw, 1100px\" \/>\n\t\n\n\t\t<\/a>\n\n\t\n<\/div>\n<\/li>\n\t\t\t\n\t\t\t\t\t\t\t\t\t\t\t\t\t\t\t\t\t\t\t\t\t\t\t\t\t\t\t\t\t\t\t\t\t\t\t\t\t\t\t\t\t\t\t\t\t\t\t\t\t\t\t\t\t\t\t\t\t\t\t\t\t\t\t\t\t\t\t\t\t\t\t<\/ul>\n\t<\/div>\n<div class=\"fusion-post-content post-content\"><h2 class=\"blog-shortcode-post-title entry-title\"><a href=\"https:\/\/sudmosaique.com\/blog\/non-classe\/les-formations-professionnelles-de-sud-mosaique\/\">Les formations professionnelles de SUD MOSA\u00cfQUE<\/a><\/h2><div class=\"fusion-post-content-container\"><p>SUD MOSAIQUE est organisme de formation professionnelle depuis 2014. Il est certifi\u00e9 QUALIOPI depuis D\u00e9cembre 2020 (Certificat B00788 - ICPF) pour ses actions de formation. Nathalie BRENZA, artisan mosa\u00efste, vous y accueille en vous proposant [...]<\/p><\/div><\/div><div class=\"fusion-clearfix\"><\/div><div class=\"fusion-meta-info\"><div class=\"fusion-alignleft\">Par <span class=\"vcard\"><span class=\"fn\"><a href=\"https:\/\/sudmosaique.com\/blog\/author\/sudmosaique\/\" title=\"Articles par sudmosaique\" rel=\"author\">sudmosaique<\/a><\/span><\/span><span class=\"fusion-inline-sep\">|<\/span>\n\t\n\t\n\t\t\t<span class=\"updated\" style=\"display:none;\">\n\t\t\t2024-06-27T10:43:17+02:00\t\t<\/span>\n\t\n<span>27 Juin 2024<\/span><span class=\"fusion-inline-sep\">|<\/span>Cat\u00e9gories : <a href=\"https:\/\/sudmosaique.com\/blog\/category\/non-classe\/\" rel=\"category tag\">Non class\u00e9<\/a><span class=\"fusion-inline-sep\">|<\/span><\/div><div class=\"fusion-alignright\"><a class=\"fusion-read-more\" href=\"https:\/\/sudmosaique.com\/blog\/non-classe\/les-formations-professionnelles-de-sud-mosaique\/\">Read More<\/a><\/div><\/div><\/article>\n<article id=\"post-499\" class=\"fusion-post-large post-499 post type-post status-publish format-standard has-post-thumbnail hentry category-parlons-en\">\n\n\t<style type=\"text\/css\">\n\t\t\n\t\t\n\t\t\n\t\t\n\t\t\t<\/style>\n\n\n\t<div class=\"fusion-flexslider flexslider fusion-flexslider-loading fusion-post-slideshow\">\n\t\t<ul class=\"slides\">\n\t\t\t\n\t\t\t\t\t\t\t\t\t\t\t\t\t\t\t\t\t\t<li>\n<div class=\"fusion-image-wrapper\" aria-haspopup=\"true\">\n\n\t\n\t\t<a href=\"https:\/\/sudmosaique.com\/blog\/parlons-en\/emaux-de-briare-et-frais-de-livraison-les-points-noirs-de-lannee\/\">\n\t\t\t\n\t\t\t\t\t<img width=\"343\" height=\"417\" src=\"https:\/\/sudmosaique.com\/blog\/wp-content\/uploads\/2023\/07\/logo-emaux-index.png\" class=\"attachment-full size-full wp-post-image\" alt=\"Emaux de Briare\" loading=\"lazy\" srcset=\"https:\/\/sudmosaique.com\/blog\/wp-content\/uploads\/2023\/07\/logo-emaux-index-200x243.png 200w, https:\/\/sudmosaique.com\/blog\/wp-content\/uploads\/2023\/07\/logo-emaux-index.png 343w\" sizes=\"(max-width: 800px) 100vw, 1100px\" \/>\n\t\n\n\t\t<\/a>\n\n\t\n<\/div>\n<\/li>\n\t\t\t\n\t\t\t\t\t\t\t\t\t\t\t\t\t\t\t\t\t\t\t\t\t\t\t\t\t\t\t\t\t\t\t\t\t\t\t\t\t\t\t\t\t\t\t\t\t\t\t\t\t\t\t\t\t\t\t\t\t\t\t\t\t\t\t\t\t\t\t\t\t\t\t<\/ul>\n\t<\/div>\n<div class=\"fusion-post-content post-content\"><h2 class=\"blog-shortcode-post-title entry-title\"><a href=\"https:\/\/sudmosaique.com\/blog\/parlons-en\/emaux-de-briare-et-frais-de-livraison-les-points-noirs-de-lannee\/\">Emaux de BRIARE et Frais de livraison : les points noirs de l&rsquo;ann\u00e9e<\/a><\/h2><div class=\"fusion-post-content-container\"><p>La rentr\u00e9e en septembre 2022 a \u00e9t\u00e9 marqu\u00e9e par l'arr\u00eat de la production des Emaux de Briare par faute du co\u00fbt de l'\u00e9nergie. Leur service commercial annon\u00e7ait alors la reprise de la production en avril [...]<\/p><\/div><\/div><div class=\"fusion-clearfix\"><\/div><div class=\"fusion-meta-info\"><div class=\"fusion-alignleft\">Par <span class=\"vcard\"><span class=\"fn\"><a href=\"https:\/\/sudmosaique.com\/blog\/author\/sudmosaique\/\" title=\"Articles par sudmosaique\" rel=\"author\">sudmosaique<\/a><\/span><\/span><span class=\"fusion-inline-sep\">|<\/span>\n\t\n\t\n\t\t\t<span class=\"updated\" style=\"display:none;\">\n\t\t\t2023-09-13T14:49:31+02:00\t\t<\/span>\n\t\n<span>13 Sep 2023<\/span><span class=\"fusion-inline-sep\">|<\/span>Cat\u00e9gories : <a href=\"https:\/\/sudmosaique.com\/blog\/category\/parlons-en\/\" rel=\"category tag\">Parlons - en !<\/a><span class=\"fusion-inline-sep\">|<\/span><\/div><div class=\"fusion-alignright\"><a class=\"fusion-read-more\" href=\"https:\/\/sudmosaique.com\/blog\/parlons-en\/emaux-de-briare-et-frais-de-livraison-les-points-noirs-de-lannee\/\">Read More<\/a><\/div><\/div><\/article>\n<article id=\"post-472\" class=\"fusion-post-large post-472 post type-post status-publish format-standard has-post-thumbnail hentry category-evenements\">\n\n\t<style type=\"text\/css\">\n\t\t\n\t\t\n\t\t\n\t\t\n\t\t\t<\/style>\n\n\n\t<div class=\"fusion-flexslider flexslider fusion-flexslider-loading fusion-post-slideshow\">\n\t\t<ul class=\"slides\">\n\t\t\t\n\t\t\t\t\t\t\t\t\t\t\t\t\t\t\t\t\t\t<li>\n<div class=\"fusion-image-wrapper\" aria-haspopup=\"true\">\n\n\t\n\t\t<a href=\"https:\/\/sudmosaique.com\/blog\/evenements\/exposition-lavol-oh-en-couleurs-sud-mosaique-participe\/\">\n\t\t\t\n\t\t\t\t\t<img width=\"879\" height=\"1266\" src=\"https:\/\/sudmosaique.com\/blog\/wp-content\/uploads\/2022\/07\/Affiche.jpg\" class=\"attachment-full size-full wp-post-image\" alt=\"\" loading=\"lazy\" srcset=\"https:\/\/sudmosaique.com\/blog\/wp-content\/uploads\/2022\/07\/Affiche-200x288.jpg 200w, https:\/\/sudmosaique.com\/blog\/wp-content\/uploads\/2022\/07\/Affiche-400x576.jpg 400w, https:\/\/sudmosaique.com\/blog\/wp-content\/uploads\/2022\/07\/Affiche-600x864.jpg 600w, https:\/\/sudmosaique.com\/blog\/wp-content\/uploads\/2022\/07\/Affiche-800x1152.jpg 800w, https:\/\/sudmosaique.com\/blog\/wp-content\/uploads\/2022\/07\/Affiche.jpg 879w\" sizes=\"(max-width: 800px) 100vw, 1100px\" \/>\n\t\n\n\t\t<\/a>\n\n\t\n<\/div>\n<\/li>\n\t\t\t\n\t\t\t\t\t\t\t\t\t\t\t\t\t\t\t\t\t\t\t\t\t\t\t\t\t\t\t\t\t\t\t\t\t\t\t\t\t\t\t\t\t\t\t\t\t\t\t\t\t\t\t\t\t\t\t\t\t\t\t\t\t\t\t\t\t\t\t\t\t\t\t<\/ul>\n\t<\/div>\n<div class=\"fusion-post-content post-content\"><h2 class=\"blog-shortcode-post-title entry-title\"><a href=\"https:\/\/sudmosaique.com\/blog\/evenements\/exposition-lavol-oh-en-couleurs-sud-mosaique-participe\/\">EXPOSITION LAVOL OH! EN COULEURS : SUD MOSAIQUE participe!<\/a><\/h2><div class=\"fusion-post-content-container\"><p>SUD MOSAIQUE participe \u00e0 l\u2019exposition organis\u00e9e par l\u2019association\u00a0LAVOL OH! EN COULEURS\u00a0(Ferme de Jean-Pierre TEISSIER- LAVOL HAUT \u2013 Gard) avec d\u2019autres artistes cr\u00e9ateurs : les week-ends des 23-24 juillet \/ 30 \u2013 31 juillet\/ 6 \u2013 [...]<\/p><\/div><\/div><div class=\"fusion-clearfix\"><\/div><div class=\"fusion-meta-info\"><div class=\"fusion-alignleft\">Par <span class=\"vcard\"><span class=\"fn\"><a href=\"https:\/\/sudmosaique.com\/blog\/author\/sudmosaique\/\" title=\"Articles par sudmosaique\" rel=\"author\">sudmosaique<\/a><\/span><\/span><span class=\"fusion-inline-sep\">|<\/span>\n\t\n\t\n\t\t\t<span class=\"updated\" style=\"display:none;\">\n\t\t\t2022-07-20T19:16:53+02:00\t\t<\/span>\n\t\n<span>20 Juil 2022<\/span><span class=\"fusion-inline-sep\">|<\/span>Cat\u00e9gories : <a href=\"https:\/\/sudmosaique.com\/blog\/category\/evenements\/\" rel=\"category tag\">\u00c9venements<\/a><span class=\"fusion-inline-sep\">|<\/span><\/div><div class=\"fusion-alignright\"><a class=\"fusion-read-more\" href=\"https:\/\/sudmosaique.com\/blog\/evenements\/exposition-lavol-oh-en-couleurs-sud-mosaique-participe\/\">Read More<\/a><\/div><\/div><\/article>\n<\/div>\n\t\t\t\t\t\t\t\t\t<div class='pagination clearfix'>\n\t\t\t\n\t\t\t\n\t\t\t\t\t\t\t\t\t\t\t\t\t\t\t\t\t\t<span class=\"current\">1<\/span>\n\t\t\t\t\t\t\t\t\t\t\t\t\t\t\t\t\t\t\t\t\t\t\t\t\t\t\t<a href=\"https:\/\/sudmosaique.com\/blog\/wp-json\/wp\/v2\/pages\/17\/page\/2\/\" class=\"inactive\">2<\/a>\n\t\t\t\t\t\t\t\t\t\t\t\t\t\t\t\t\t\t\t\t\t\t\t\t\t\t\t<a href=\"https:\/\/sudmosaique.com\/blog\/wp-json\/wp\/v2\/pages\/17\/page\/3\/\" class=\"inactive\">3<\/a>\n\t\t\t\t\t\t\t\t\t\t\t\t\t\t\t\t\t\t\t\t\t\t\t\t\t\t\t\t\t\t\t\t\t\t\t\t\t\t\t\t\n\t\t\t\t\t\t\t<a class=\"pagination-next\" href=\"https:\/\/sudmosaique.com\/blog\/wp-json\/wp\/v2\/pages\/17\/page\/2\/\">\n\t\t\t\t\t<span class=\"page-text\">Suivant<\/span>\n\t\t\t\t\t<span class=\"page-next\"><\/span>\n\t\t\t\t<\/a>\n\t\t\t\n\t\t\t<\/div>\n\t\t\t\t\t<\/div><div class=\"fusion-clearfix\"><\/div>\n\t\t\t<\/div>\n\t\t<\/div><\/div><\/div>\n","protected":false},"excerpt":{"rendered":"","protected":false},"author":1,"featured_media":0,"parent":0,"menu_order":0,"comment_status":"closed","ping_status":"closed","template":"","meta":[],"_links":{"self":[{"href":"https:\/\/sudmosaique.com\/blog\/wp-json\/wp\/v2\/pages\/17"}],"collection":[{"href":"https:\/\/sudmosaique.com\/blog\/wp-json\/wp\/v2\/pages"}],"about":[{"href":"https:\/\/sudmosaique.com\/blog\/wp-json\/wp\/v2\/types\/page"}],"author":[{"embeddable":true,"href":"https:\/\/sudmosaique.com\/blog\/wp-json\/wp\/v2\/users\/1"}],"replies":[{"embeddable":true,"href":"https:\/\/sudmosaique.com\/blog\/wp-json\/wp\/v2\/comments?post=17"}],"version-history":[{"count":7,"href":"https:\/\/sudmosaique.com\/blog\/wp-json\/wp\/v2\/pages\/17\/revisions"}],"predecessor-version":[{"id":93,"href":"https:\/\/sudmosaique.com\/blog\/wp-json\/wp\/v2\/pages\/17\/revisions\/93"}],"wp:attachment":[{"href":"https:\/\/sudmosaique.com\/blog\/wp-json\/wp\/v2\/media?parent=17"}],"curies":[{"name":"wp","href":"https:\/\/api.w.org\/{rel}","templated":true}]}}